{"id":10586,"date":"2025-10-24T15:59:18","date_gmt":"2025-10-24T13:59:18","guid":{"rendered":"https:\/\/bearly-n.com\/?post_type=tribe_events&#038;p=10586"},"modified":"2025-10-24T15:59:18","modified_gmt":"2025-10-24T13:59:18","slug":"salon-du-petit-format","status":"publish","type":"tribe_events","link":"https:\/\/bearly-n.com\/en\/event\/salon-du-petit-format\/","title":{"rendered":"Salon du Petit Format"},"content":{"rendered":"<p data-start=\"155\" data-end=\"277\">\u2728 <strong data-start=\"157\" data-end=\"189\">Le 27\u1d49 Salon du Petit Format<\/strong> ouvrira ses portes au <strong data-start=\"210\" data-end=\"241\">ch\u00e2teau de Bel-Air \u00e0 Truyes<\/strong><strong data-start=\"249\" data-end=\"273\">\u00a0(37)<\/strong>\u00a0 du 15 au 30 novembre 2025!<\/p>\n<p data-start=\"279\" data-end=\"487\">Cet \u00e9v\u00e9nement artistique incontournable r\u00e9unit <strong data-start=\"326\" data-end=\"352\">50 artistes <\/strong>, soigneusement s\u00e9lectionn\u00e9s par un <strong data-start=\"388\" data-end=\"421\">jury de sp\u00e9cialistes de l\u2019art<\/strong>, dans le cadre prestigieux des <strong data-start=\"453\" data-end=\"484\">salons d\u2019honneur du ch\u00e2teau<\/strong>.<\/p>\n<p data-start=\"489\" data-end=\"719\">\ud83c\udfa8 J\u2019ai l\u2019immense plaisir d\u2019annoncer que <strong data-start=\"530\" data-end=\"578\">mes tableaux en broderie perl\u00e9e \u00e0 l\u2019aiguille<\/strong> ont \u00e9t\u00e9 retenus pour cette belle \u00e9dition.<br data-start=\"620\" data-end=\"623\" \/>Une occasion unique de d\u00e9couvrir mes cr\u00e9ations aux c\u00f4t\u00e9s d\u2019artistes passionn\u00e9s et inspirants !<\/p>\n<p data-start=\"721\" data-end=\"842\">\ud83d\udccd <strong data-start=\"724\" data-end=\"770\">Rendez-vous au ch\u00e2teau de Bel-Air \u00e0 Truyes<\/strong><br data-start=\"770\" data-end=\"773\" \/>pour c\u00e9l\u00e9brer ensemble la richesse et la diversit\u00e9 du petit format.<\/p>\n<p class=\"font_8 wixui-rich-text__text\"><span class=\"wixui-rich-text__text\">\u200b<\/span><\/p>\n<p class=\"font_8 wixui-rich-text__text\"><span class=\"wixui-rich-text__text\">Ouvert tous les jours de 15 h \u00e0 18 h en semaine et de 14 h 30 \u00e0 19 h en week-end<\/span><\/p>\n<p class=\"font_8 wixui-rich-text__text\"><span class=\"wixui-rich-text__text\">ENTREE LIBRE<\/span><\/p>","protected":false},"excerpt":{"rendered":"<p>\u2728 Le 27\u1d49 Salon du Petit Format ouvrira ses portes au ch\u00e2teau de Bel-Air \u00e0 Truyes\u00a0(37)\u00a0 du 15 au 30&#8230;<\/p>","protected":false},"author":1,"featured_media":10596,"template":"","meta":{"_price":"","_stock":"","_tribe_ticket_header":"","_tribe_default_ticket_provider":"Tribe__Tickets__Commerce__PayPal__Main","_tribe_ticket_capacity":"0","_ticket_start_date":"","_ticket_end_date":"","_tribe_ticket_show_description":"","_tribe_ticket_show_not_going":false,"_tribe_ticket_use_global_stock":"","_tribe_ticket_global_stock_level":"","_global_stock_mode":"","_global_stock_cap":"","_tribe_rsvp_for_event":"","_tribe_ticket_going_count":"","_tribe_ticket_not_going_count":"","_tribe_tickets_list":"[]","_tribe_ticket_has_attendee_info_fields":false,"jetpack_post_was_ever_published":false,"_tribe_events_status":"","_tribe_events_status_reason":"","footnotes":"","_tec_slr_enabled":"","_tec_slr_layout":""},"tags":[4,125,124],"tribe_events_cat":[339,126],"class_list":["post-10586","tribe_events","type-tribe_events","status-publish","has-post-thumbnail","hentry","tag-bead-embroidery","tag-exposition","tag-salon","tribe_events_cat-exposition","tribe_events_cat-salon","cat_exposition","cat_salon"],"yoast_head":"<!-- This site is optimized with the Yoast SEO plugin v26.2 - https:\/\/yoast.com\/wordpress\/plugins\/seo\/ -->\n<title>Salon du Petit Format - BearlyN<\/title>\n<meta name=\"description\" content=\"Venez d\u00e9couvrir mes tableaux en broderie perl\u00e9e \u00e0 l\u2019aiguille au 27\u1d49 Salon du Petit Format, parmi 50 artistes expos\u00e9s dans le ch\u00e2teau de Bel-Air \u00e0 Truyes (37).\" \/>\n<meta name=\"robots\" content=\"index, follow, max-snippet:-1, max-image-preview:large, max-video-preview:-1\" \/>\n<link rel=\"canonical\" href=\"https:\/\/bearly-n.com\/en\/event\/salon-du-petit-format\/\" \/>\n<meta property=\"og:locale\" content=\"en_US\" \/>\n<meta property=\"og:type\" content=\"article\" \/>\n<meta property=\"og:title\" content=\"Salon du Petit Format - BearlyN\" \/>\n<meta property=\"og:description\" content=\"Venez d\u00e9couvrir mes tableaux en broderie perl\u00e9e \u00e0 l\u2019aiguille au 27\u1d49 Salon du Petit Format, parmi 50 artistes expos\u00e9s dans le ch\u00e2teau de Bel-Air \u00e0 Truyes (37).\" \/>\n<meta property=\"og:url\" content=\"https:\/\/bearly-n.com\/en\/event\/salon-du-petit-format\/\" \/>\n<meta property=\"og:site_name\" content=\"BearlyN\" \/>\n<meta property=\"article:publisher\" content=\"https:\/\/www.facebook.com\/Bearly-N-881942331934180\/\" \/>\n<meta property=\"og:image\" content=\"https:\/\/i0.wp.com\/bearly-n.com\/wp-content\/uploads\/2016\/12\/BearlyN-avatar-blanc-300x300px.jpg?fit=300%2C300&ssl=1\" \/>\n\t<meta property=\"og:image:width\" content=\"300\" \/>\n\t<meta property=\"og:image:height\" content=\"300\" \/>\n\t<meta property=\"og:image:type\" content=\"image\/jpeg\" \/>\n<meta name=\"twitter:card\" content=\"summary_large_image\" \/>\n<meta name=\"twitter:label1\" content=\"Est. reading time\" \/>\n\t<meta name=\"twitter:data1\" content=\"1 minute\" \/>\n<script type=\"application\/ld+json\" class=\"yoast-schema-graph\">{\"@context\":\"https:\/\/schema.org\",\"@graph\":[{\"@type\":\"WebPage\",\"@id\":\"https:\/\/bearly-n.com\/event\/salon-du-petit-format\/\",\"url\":\"https:\/\/bearly-n.com\/event\/salon-du-petit-format\/\",\"name\":\"Salon du Petit Format - BearlyN\",\"isPartOf\":{\"@id\":\"https:\/\/bearly-n.com\/#website\"},\"primaryImageOfPage\":{\"@id\":\"https:\/\/bearly-n.com\/event\/salon-du-petit-format\/#primaryimage\"},\"image\":{\"@id\":\"https:\/\/bearly-n.com\/event\/salon-du-petit-format\/#primaryimage\"},\"thumbnailUrl\":\"https:\/\/bearly-n.com\/wp-content\/uploads\/2025\/10\/Affiche-Salon-du-Peit-Format.avif\",\"datePublished\":\"2025-10-24T13:59:18+00:00\",\"description\":\"Venez d\u00e9couvrir mes tableaux en broderie perl\u00e9e \u00e0 l\u2019aiguille au 27\u1d49 Salon du Petit Format, parmi 50 artistes expos\u00e9s dans le ch\u00e2teau de Bel-Air \u00e0 Truyes (37).\",\"breadcrumb\":{\"@id\":\"https:\/\/bearly-n.com\/event\/salon-du-petit-format\/#breadcrumb\"},\"inLanguage\":\"en-US\",\"potentialAction\":[{\"@type\":\"ReadAction\",\"target\":[\"https:\/\/bearly-n.com\/event\/salon-du-petit-format\/\"]}]},{\"@type\":\"ImageObject\",\"inLanguage\":\"en-US\",\"@id\":\"https:\/\/bearly-n.com\/event\/salon-du-petit-format\/#primaryimage\",\"url\":\"https:\/\/bearly-n.com\/wp-content\/uploads\/2025\/10\/Affiche-Salon-du-Peit-Format.avif\",\"contentUrl\":\"https:\/\/bearly-n.com\/wp-content\/uploads\/2025\/10\/Affiche-Salon-du-Peit-Format.avif\",\"width\":792,\"height\":1120,\"caption\":\"affiche du 27\u00e8me Salon du Petit Format\"},{\"@type\":\"BreadcrumbList\",\"@id\":\"https:\/\/bearly-n.com\/event\/salon-du-petit-format\/#breadcrumb\",\"itemListElement\":[{\"@type\":\"ListItem\",\"position\":1,\"name\":\"Accueil\",\"item\":\"https:\/\/bearly-n.com\/\"},{\"@type\":\"ListItem\",\"position\":2,\"name\":\"Events\",\"item\":\"https:\/\/bearly-n.com\/en\/events\/\"},{\"@type\":\"ListItem\",\"position\":3,\"name\":\"Salon du Petit Format\"}]},{\"@type\":\"WebSite\",\"@id\":\"https:\/\/bearly-n.com\/#website\",\"url\":\"https:\/\/bearly-n.com\/\",\"name\":\"BearlyN, bijoux de caract\u00e8re\",\"description\":\"Bijoux de Caract\u00e8re\",\"publisher\":{\"@id\":\"https:\/\/bearly-n.com\/#organization\"},\"potentialAction\":[{\"@type\":\"SearchAction\",\"target\":{\"@type\":\"EntryPoint\",\"urlTemplate\":\"https:\/\/bearly-n.com\/?s={search_term_string}\"},\"query-input\":{\"@type\":\"PropertyValueSpecification\",\"valueRequired\":true,\"valueName\":\"search_term_string\"}}],\"inLanguage\":\"en-US\"},{\"@type\":\"Organization\",\"@id\":\"https:\/\/bearly-n.com\/#organization\",\"name\":\"BearlyN\",\"url\":\"https:\/\/bearly-n.com\/\",\"logo\":{\"@type\":\"ImageObject\",\"inLanguage\":\"en-US\",\"@id\":\"https:\/\/bearly-n.com\/#\/schema\/logo\/image\/\",\"url\":\"https:\/\/i1.wp.com\/bearly-n.com\/wp-content\/uploads\/2016\/12\/logo.jpg?fit=630%2C270&ssl=1\",\"contentUrl\":\"https:\/\/i1.wp.com\/bearly-n.com\/wp-content\/uploads\/2016\/12\/logo.jpg?fit=630%2C270&ssl=1\",\"width\":630,\"height\":270,\"caption\":\"BearlyN\"},\"image\":{\"@id\":\"https:\/\/bearly-n.com\/#\/schema\/logo\/image\/\"},\"sameAs\":[\"https:\/\/www.facebook.com\/Bearly-N-881942331934180\/\",\"http:\/\/bearlyn\",\"https:\/\/www.linkedin.com\/company\/bearly-n\/\",\"https:\/\/fr.pinterest.com\/Bearlynterest\/\"]}]}<\/script>\n<!-- \/ Yoast SEO plugin. -->","yoast_head_json":{"title":"Salon du Petit Format - BearlyN","description":"Venez d\u00e9couvrir mes tableaux en broderie perl\u00e9e \u00e0 l\u2019aiguille au 27\u1d49 Salon du Petit Format, parmi 50 artistes expos\u00e9s dans le ch\u00e2teau de Bel-Air \u00e0 Truyes (37).","robots":{"index":"index","follow":"follow","max-snippet":"max-snippet:-1","max-image-preview":"max-image-preview:large","max-video-preview":"max-video-preview:-1"},"canonical":"https:\/\/bearly-n.com\/en\/event\/salon-du-petit-format\/","og_locale":"en_US","og_type":"article","og_title":"Salon du Petit Format - BearlyN","og_description":"Venez d\u00e9couvrir mes tableaux en broderie perl\u00e9e \u00e0 l\u2019aiguille au 27\u1d49 Salon du Petit Format, parmi 50 artistes expos\u00e9s dans le ch\u00e2teau de Bel-Air \u00e0 Truyes (37).","og_url":"https:\/\/bearly-n.com\/en\/event\/salon-du-petit-format\/","og_site_name":"BearlyN","article_publisher":"https:\/\/www.facebook.com\/Bearly-N-881942331934180\/","og_image":[{"width":300,"height":300,"url":"https:\/\/i0.wp.com\/bearly-n.com\/wp-content\/uploads\/2016\/12\/BearlyN-avatar-blanc-300x300px.jpg?fit=300%2C300&ssl=1","type":"image\/jpeg"}],"twitter_card":"summary_large_image","twitter_misc":{"Est. reading time":"1 minute"},"schema":{"@context":"https:\/\/schema.org","@graph":[{"@type":"WebPage","@id":"https:\/\/bearly-n.com\/event\/salon-du-petit-format\/","url":"https:\/\/bearly-n.com\/event\/salon-du-petit-format\/","name":"Salon du Petit Format - BearlyN","isPartOf":{"@id":"https:\/\/bearly-n.com\/#website"},"primaryImageOfPage":{"@id":"https:\/\/bearly-n.com\/event\/salon-du-petit-format\/#primaryimage"},"image":{"@id":"https:\/\/bearly-n.com\/event\/salon-du-petit-format\/#primaryimage"},"thumbnailUrl":"https:\/\/bearly-n.com\/wp-content\/uploads\/2025\/10\/Affiche-Salon-du-Peit-Format.avif","datePublished":"2025-10-24T13:59:18+00:00","description":"Venez d\u00e9couvrir mes tableaux en broderie perl\u00e9e \u00e0 l\u2019aiguille au 27\u1d49 Salon du Petit Format, parmi 50 artistes expos\u00e9s dans le ch\u00e2teau de Bel-Air \u00e0 Truyes (37).","breadcrumb":{"@id":"https:\/\/bearly-n.com\/event\/salon-du-petit-format\/#breadcrumb"},"inLanguage":"en-US","potentialAction":[{"@type":"ReadAction","target":["https:\/\/bearly-n.com\/event\/salon-du-petit-format\/"]}]},{"@type":"ImageObject","inLanguage":"en-US","@id":"https:\/\/bearly-n.com\/event\/salon-du-petit-format\/#primaryimage","url":"https:\/\/bearly-n.com\/wp-content\/uploads\/2025\/10\/Affiche-Salon-du-Peit-Format.avif","contentUrl":"https:\/\/bearly-n.com\/wp-content\/uploads\/2025\/10\/Affiche-Salon-du-Peit-Format.avif","width":792,"height":1120,"caption":"affiche du 27\u00e8me Salon du Petit Format"},{"@type":"BreadcrumbList","@id":"https:\/\/bearly-n.com\/event\/salon-du-petit-format\/#breadcrumb","itemListElement":[{"@type":"ListItem","position":1,"name":"Accueil","item":"https:\/\/bearly-n.com\/"},{"@type":"ListItem","position":2,"name":"Events","item":"https:\/\/bearly-n.com\/en\/events\/"},{"@type":"ListItem","position":3,"name":"Salon du Petit Format"}]},{"@type":"WebSite","@id":"https:\/\/bearly-n.com\/#website","url":"https:\/\/bearly-n.com\/","name":"BearlyN, bijoux de caract\u00e8re","description":"Bijoux de Caract\u00e8re","publisher":{"@id":"https:\/\/bearly-n.com\/#organization"},"potentialAction":[{"@type":"SearchAction","target":{"@type":"EntryPoint","urlTemplate":"https:\/\/bearly-n.com\/?s={search_term_string}"},"query-input":{"@type":"PropertyValueSpecification","valueRequired":true,"valueName":"search_term_string"}}],"inLanguage":"en-US"},{"@type":"Organization","@id":"https:\/\/bearly-n.com\/#organization","name":"BearlyN","url":"https:\/\/bearly-n.com\/","logo":{"@type":"ImageObject","inLanguage":"en-US","@id":"https:\/\/bearly-n.com\/#\/schema\/logo\/image\/","url":"https:\/\/i1.wp.com\/bearly-n.com\/wp-content\/uploads\/2016\/12\/logo.jpg?fit=630%2C270&ssl=1","contentUrl":"https:\/\/i1.wp.com\/bearly-n.com\/wp-content\/uploads\/2016\/12\/logo.jpg?fit=630%2C270&ssl=1","width":630,"height":270,"caption":"BearlyN"},"image":{"@id":"https:\/\/bearly-n.com\/#\/schema\/logo\/image\/"},"sameAs":["https:\/\/www.facebook.com\/Bearly-N-881942331934180\/","http:\/\/bearlyn","https:\/\/www.linkedin.com\/company\/bearly-n\/","https:\/\/fr.pinterest.com\/Bearlynterest\/"]}]}},"jetpack_sharing_enabled":true,"jetpack_likes_enabled":true,"ticketed":false,"_links":{"self":[{"href":"https:\/\/bearly-n.com\/en\/wp-json\/wp\/v2\/tribe_events\/10586","targetHints":{"allow":["GET"]}}],"collection":[{"href":"https:\/\/bearly-n.com\/en\/wp-json\/wp\/v2\/tribe_events"}],"about":[{"href":"https:\/\/bearly-n.com\/en\/wp-json\/wp\/v2\/types\/tribe_events"}],"author":[{"embeddable":true,"href":"https:\/\/bearly-n.com\/en\/wp-json\/wp\/v2\/users\/1"}],"version-history":[{"count":1,"href":"https:\/\/bearly-n.com\/en\/wp-json\/wp\/v2\/tribe_events\/10586\/revisions"}],"predecessor-version":[{"id":10598,"href":"https:\/\/bearly-n.com\/en\/wp-json\/wp\/v2\/tribe_events\/10586\/revisions\/10598"}],"wp:featuredmedia":[{"embeddable":true,"href":"https:\/\/bearly-n.com\/en\/wp-json\/wp\/v2\/media\/10596"}],"wp:attachment":[{"href":"https:\/\/bearly-n.com\/en\/wp-json\/wp\/v2\/media?parent=10586"}],"wp:term":[{"taxonomy":"post_tag","embeddable":true,"href":"https:\/\/bearly-n.com\/en\/wp-json\/wp\/v2\/tags?post=10586"},{"taxonomy":"tribe_events_cat","embeddable":true,"href":"https:\/\/bearly-n.com\/en\/wp-json\/wp\/v2\/tribe_events_cat?post=10586"}],"curies":[{"name":"wp","href":"https:\/\/api.w.org\/{rel}","templated":true}]}}